{"id":75,"date":"2020-11-11T11:37:08","date_gmt":"2020-11-11T10:37:08","guid":{"rendered":"https:\/\/gastro-brennecke.de\/blog\/?page_id=75"},"modified":"2021-08-06T12:26:19","modified_gmt":"2021-08-06T10:26:19","slug":"faq","status":"publish","type":"page","link":"https:\/\/gastro-brennecke.de\/blog\/faq\/","title":{"rendered":"FAQ"},"content":{"rendered":"\t\t<div data-elementor-type=\"wp-page\" data-elementor-id=\"75\" class=\"elementor elementor-75\" data-elementor-post-type=\"page\">\n\t\t\t\t\t\t<section class=\"elementor-section elementor-top-section elementor-element elementor-element-e438e52 elementor-section-boxed elementor-section-height-default elementor-section-height-default\" data-id=\"e438e52\" data-element_type=\"section\" data-e-type=\"section\">\n\t\t\t\t\t\t<div class=\"elementor-container elementor-column-gap-default\">\n\t\t\t\t\t<div class=\"elementor-column elementor-col-100 elementor-top-column elementor-element elementor-element-097030c\" data-id=\"097030c\" data-element_type=\"column\" data-e-type=\"column\" data-settings=\"{&quot;background_background&quot;:&quot;classic&quot;}\">\n\t\t\t<div class=\"elementor-widget-wrap elementor-element-populated\">\n\t\t\t\t\t\t<div class=\"elementor-element elementor-element-0307c5a elementor-widget elementor-widget-heading\" data-id=\"0307c5a\" data-element_type=\"widget\" data-e-type=\"widget\" data-widget_type=\"heading.default\">\n\t\t\t\t<div class=\"elementor-widget-container\">\n\t\t\t\t\t<h1 class=\"elementor-heading-title elementor-size-default\">FAQ - H\u00e4ufig gestellte Fragen<\/h1>\t\t\t\t<\/div>\n\t\t\t\t<\/div>\n\t\t\t\t<div class=\"elementor-element elementor-element-fbb287f elementor-widget elementor-widget-text-editor\" data-id=\"fbb287f\" data-element_type=\"widget\" data-e-type=\"widget\" data-widget_type=\"text-editor.default\">\n\t\t\t\t<div class=\"elementor-widget-container\">\n\t\t\t\t\t\t\t\t\t<p>Lieber Besucher, wir haben dir hier einige der am h\u00e4ufig gestellten Fragen und Antworten aufgelistet. Sollte deine Frage nicht dabei sein, findest du am Ende ein Eingabe Formular wo du uns deine spezifische Frage stellen kannst.<\/p>\t\t\t\t\t\t\t\t<\/div>\n\t\t\t\t<\/div>\n\t\t\t\t\t<\/div>\n\t\t<\/div>\n\t\t\t\t\t<\/div>\n\t\t<\/section>\n\t\t\t\t<section class=\"elementor-section elementor-top-section elementor-element elementor-element-3543ec8 elementor-section-boxed elementor-section-height-default elementor-section-height-default\" data-id=\"3543ec8\" data-element_type=\"section\" data-e-type=\"section\">\n\t\t\t\t\t\t<div class=\"elementor-container elementor-column-gap-default\">\n\t\t\t\t\t<div class=\"elementor-column elementor-col-100 elementor-top-column elementor-element elementor-element-d654f62\" data-id=\"d654f62\" data-element_type=\"column\" data-e-type=\"column\">\n\t\t\t<div class=\"elementor-widget-wrap elementor-element-populated\">\n\t\t\t\t\t\t<div class=\"elementor-element elementor-element-7b83de0 elementor-widget elementor-widget-heading\" data-id=\"7b83de0\" data-element_type=\"widget\" data-e-type=\"widget\" data-widget_type=\"heading.default\">\n\t\t\t\t<div class=\"elementor-widget-container\">\n\t\t\t\t\t<h2 class=\"elementor-heading-title elementor-size-default\">Allgemeine Fragen<\/h2>\t\t\t\t<\/div>\n\t\t\t\t<\/div>\n\t\t\t\t<div class=\"elementor-element elementor-element-97bc12d elementor-widget elementor-widget-toggle\" data-id=\"97bc12d\" data-element_type=\"widget\" data-e-type=\"widget\" data-widget_type=\"toggle.default\">\n\t\t\t\t<div class=\"elementor-widget-container\">\n\t\t\t\t\t\t\t<div class=\"elementor-toggle\">\n\t\t\t\t\t\t\t<div class=\"elementor-toggle-item\">\n\t\t\t\t\t<div id=\"elementor-tab-title-1591\" class=\"elementor-tab-title\" data-tab=\"1\" role=\"button\" aria-controls=\"elementor-tab-content-1591\" aria-expanded=\"false\">\n\t\t\t\t\t\t\t\t\t\t\t\t<span class=\"elementor-toggle-icon elementor-toggle-icon-left\" aria-hidden=\"true\">\n\t\t\t\t\t\t\t\t\t\t\t\t\t\t\t<span class=\"elementor-toggle-icon-closed\"><i class=\"fas fa-caret-right\"><\/i><\/span>\n\t\t\t\t\t\t\t\t<span class=\"elementor-toggle-icon-opened\"><i class=\"elementor-toggle-icon-opened fas fa-caret-up\"><\/i><\/span>\n\t\t\t\t\t\t\t\t\t\t\t\t\t<\/span>\n\t\t\t\t\t\t\t\t\t\t\t\t<a class=\"elementor-toggle-title\" tabindex=\"0\">Der Artikel passt nicht, gibt es ein Retourenlabel? <\/a>\n\t\t\t\t\t<\/div>\n\n\t\t\t\t\t<div id=\"elementor-tab-content-1591\" class=\"elementor-tab-content elementor-clearfix\" data-tab=\"1\" role=\"region\" aria-labelledby=\"elementor-tab-title-1591\"><p>In dem Fall tr\u00e4gt der K\u00e4ufer die Kosten der R\u00fccksendung. Um Ihre R\u00fcckgabe leichter bearbeiten zu k\u00f6nnen, m\u00f6chten wir Sie bitten bei uns ein R\u00fccksendeschein anzufordern, welches dem Paket beigelegt wird.<\/p><\/div>\n\t\t\t\t<\/div>\n\t\t\t\t\t\t\t<div class=\"elementor-toggle-item\">\n\t\t\t\t\t<div id=\"elementor-tab-title-1592\" class=\"elementor-tab-title\" data-tab=\"2\" role=\"button\" aria-controls=\"elementor-tab-content-1592\" aria-expanded=\"false\">\n\t\t\t\t\t\t\t\t\t\t\t\t<span class=\"elementor-toggle-icon elementor-toggle-icon-left\" aria-hidden=\"true\">\n\t\t\t\t\t\t\t\t\t\t\t\t\t\t\t<span class=\"elementor-toggle-icon-closed\"><i class=\"fas fa-caret-right\"><\/i><\/span>\n\t\t\t\t\t\t\t\t<span class=\"elementor-toggle-icon-opened\"><i class=\"elementor-toggle-icon-opened fas fa-caret-up\"><\/i><\/span>\n\t\t\t\t\t\t\t\t\t\t\t\t\t<\/span>\n\t\t\t\t\t\t\t\t\t\t\t\t<a class=\"elementor-toggle-title\" tabindex=\"0\">Liefern Sie in die Schweiz? <\/a>\n\t\t\t\t\t<\/div>\n\n\t\t\t\t\t<div id=\"elementor-tab-content-1592\" class=\"elementor-tab-content elementor-clearfix\" data-tab=\"2\" role=\"region\" aria-labelledby=\"elementor-tab-title-1592\"><p>In die Schweiz liefern wir direkt nicht. <br \/>F\u00fcr Lieferungen in die Schweiz empfehlen wir Ihnen den Service von MeinEinkauf.ch zu nutzen. Alle Informationen finden Sie unter:<\/p><p>https:\/\/meineinkauf.ch\/bestellen\/gastro-brennecke-schweiz\/<\/p><p>Alle Zollformalit\u00e4ten und die Lieferung zu Ihrer Haust\u00fcr \u00fcbernimmt dann gegen eine geringe Geb\u00fchr MeinEinkauf.ch. Ihre Ware erhalten Sie schnell, fertig verzollt und g\u00fcnstig.<\/p><p>Bitte beachten Sie, dass es hier unzul\u00e4ssige G\u00fcter gibt, die nicht von MeinEinkauf.ch in die Schweiz geliefert werden k\u00f6nnen. Mehr Informationen finden Sie hier.:<\/p><p>https:\/\/meineinkauf.ch\/haeufige-fragen\/nicht-zugelassene-waren\/was-darf-nicht-bestellt-werden\/<\/p><\/div>\n\t\t\t\t<\/div>\n\t\t\t\t\t\t\t<div class=\"elementor-toggle-item\">\n\t\t\t\t\t<div id=\"elementor-tab-title-1593\" class=\"elementor-tab-title\" data-tab=\"3\" role=\"button\" aria-controls=\"elementor-tab-content-1593\" aria-expanded=\"false\">\n\t\t\t\t\t\t\t\t\t\t\t\t<span class=\"elementor-toggle-icon elementor-toggle-icon-left\" aria-hidden=\"true\">\n\t\t\t\t\t\t\t\t\t\t\t\t\t\t\t<span class=\"elementor-toggle-icon-closed\"><i class=\"fas fa-caret-right\"><\/i><\/span>\n\t\t\t\t\t\t\t\t<span class=\"elementor-toggle-icon-opened\"><i class=\"elementor-toggle-icon-opened fas fa-caret-up\"><\/i><\/span>\n\t\t\t\t\t\t\t\t\t\t\t\t\t<\/span>\n\t\t\t\t\t\t\t\t\t\t\t\t<a class=\"elementor-toggle-title\" tabindex=\"0\">Bei DHL steht nur Sendungsdaten elektronisch \u00fcbermittelt, wann versenden Sie die Ware?  <\/a>\n\t\t\t\t\t<\/div>\n\n\t\t\t\t\t<div id=\"elementor-tab-content-1593\" class=\"elementor-tab-content elementor-clearfix\" data-tab=\"3\" role=\"region\" aria-labelledby=\"elementor-tab-title-1593\"><p>Sobald wir ein DHL Label ausdrucken ist bei DHL der Status \u201cSendungsdaten elektronisch \u00fcbermittelt\u201d ersichtlich. Dieser Status \u00e4ndert sich leider erst, wenn das Paket im ersten Paketzentrum bearbeitet wurde. Da zwischen uns und dem Paketzentrum weitere Zwischenpunkte von DHL bestehen kann es vorkommen das DHL durch erh\u00f6htes Paketaufkommen es nicht schafft am selben Tag das Paket zu bearbeiten.<\/p><\/div>\n\t\t\t\t<\/div>\n\t\t\t\t\t\t\t<div class=\"elementor-toggle-item\">\n\t\t\t\t\t<div id=\"elementor-tab-title-1594\" class=\"elementor-tab-title\" data-tab=\"4\" role=\"button\" aria-controls=\"elementor-tab-content-1594\" aria-expanded=\"false\">\n\t\t\t\t\t\t\t\t\t\t\t\t<span class=\"elementor-toggle-icon elementor-toggle-icon-left\" aria-hidden=\"true\">\n\t\t\t\t\t\t\t\t\t\t\t\t\t\t\t<span class=\"elementor-toggle-icon-closed\"><i class=\"fas fa-caret-right\"><\/i><\/span>\n\t\t\t\t\t\t\t\t<span class=\"elementor-toggle-icon-opened\"><i class=\"elementor-toggle-icon-opened fas fa-caret-up\"><\/i><\/span>\n\t\t\t\t\t\t\t\t\t\t\t\t\t<\/span>\n\t\t\t\t\t\t\t\t\t\t\t\t<a class=\"elementor-toggle-title\" tabindex=\"0\">Mein Bier schmeckt ranzig und s\u00e4uerlich? <\/a>\n\t\t\t\t\t<\/div>\n\n\t\t\t\t\t<div id=\"elementor-tab-content-1594\" class=\"elementor-tab-content elementor-clearfix\" data-tab=\"4\" role=\"region\" aria-labelledby=\"elementor-tab-title-1594\"><p>H\u00f6chstwahrscheinlich hat dein Bier eine Infektion bekommen sei es durch mangelnde Hygiene, schleppender Startg\u00e4rung oder zu warmer Hauptg\u00e4rung. Ggf. k\u00f6nnte auch eine falsche Lagerung der Hefe der Grund sein. Sie mag es k\u00fchl. Bitte beachte, keine angebrochenen Hefepackungen zu verwenden.<\/p><p>Grunds\u00e4tzlich ist das Bier nicht schlecht! Es hat nur eine andere Geschmacksnote, als die du beabsichtigt hast. Fr\u00fcher waren die meisten Biere Sauerbiere. Du kannst es noch trinken oder aber den Pflanzen \u00fcberlassen.<\/p><\/div>\n\t\t\t\t<\/div>\n\t\t\t\t\t\t\t<div class=\"elementor-toggle-item\">\n\t\t\t\t\t<div id=\"elementor-tab-title-1595\" class=\"elementor-tab-title\" data-tab=\"5\" role=\"button\" aria-controls=\"elementor-tab-content-1595\" aria-expanded=\"false\">\n\t\t\t\t\t\t\t\t\t\t\t\t<span class=\"elementor-toggle-icon elementor-toggle-icon-left\" aria-hidden=\"true\">\n\t\t\t\t\t\t\t\t\t\t\t\t\t\t\t<span class=\"elementor-toggle-icon-closed\"><i class=\"fas fa-caret-right\"><\/i><\/span>\n\t\t\t\t\t\t\t\t<span class=\"elementor-toggle-icon-opened\"><i class=\"elementor-toggle-icon-opened fas fa-caret-up\"><\/i><\/span>\n\t\t\t\t\t\t\t\t\t\t\t\t\t<\/span>\n\t\t\t\t\t\t\t\t\t\t\t\t<a class=\"elementor-toggle-title\" tabindex=\"0\">Wie lange ist mein selbstgebrautes Bier haltbar? <\/a>\n\t\t\t\t\t<\/div>\n\n\t\t\t\t\t<div id=\"elementor-tab-content-1595\" class=\"elementor-tab-content elementor-clearfix\" data-tab=\"5\" role=\"region\" aria-labelledby=\"elementor-tab-title-1595\"><p>Hier m\u00fcssen wir viele Faktoren ber\u00fccksichtigen. Grunds\u00e4tzlich wird Bier nicht schlecht! Hopfige Biere verlieren mit der Zeit die Bittere und das Hopfenaroma tritt in den Hintergrund. Solche Biere m\u00f6gen nach der Reifung bzw. Nachg\u00e4rung innerhalb 3 Monaten getrunken werden. Malzigere Biere vor allem mit h\u00f6herem Alkoholgehalt k\u00f6nnen durchaus l\u00e4nger gelagert werden bis zu 2 Jahre. Manchmal gewinnen sie auch an Geschmack. Einfach mit ein paar Flaschen ausprobieren. Wichtig ist eine durchgehende k\u00fchle und dunkle Lagerung. Bier mag kein Licht und reift besser bei niedrigen Temperaturen.<\/p><\/div>\n\t\t\t\t<\/div>\n\t\t\t\t\t\t\t<div class=\"elementor-toggle-item\">\n\t\t\t\t\t<div id=\"elementor-tab-title-1596\" class=\"elementor-tab-title\" data-tab=\"6\" role=\"button\" aria-controls=\"elementor-tab-content-1596\" aria-expanded=\"false\">\n\t\t\t\t\t\t\t\t\t\t\t\t<span class=\"elementor-toggle-icon elementor-toggle-icon-left\" aria-hidden=\"true\">\n\t\t\t\t\t\t\t\t\t\t\t\t\t\t\t<span class=\"elementor-toggle-icon-closed\"><i class=\"fas fa-caret-right\"><\/i><\/span>\n\t\t\t\t\t\t\t\t<span class=\"elementor-toggle-icon-opened\"><i class=\"elementor-toggle-icon-opened fas fa-caret-up\"><\/i><\/span>\n\t\t\t\t\t\t\t\t\t\t\t\t\t<\/span>\n\t\t\t\t\t\t\t\t\t\t\t\t<a class=\"elementor-toggle-title\" tabindex=\"0\">Wie setzen sich die Versandkosten zusammen?<\/a>\n\t\t\t\t\t<\/div>\n\n\t\t\t\t\t<div id=\"elementor-tab-content-1596\" class=\"elementor-tab-content elementor-clearfix\" data-tab=\"6\" role=\"region\" aria-labelledby=\"elementor-tab-title-1596\"><p>DHL Basispreis \u20ac 3,90 <br \/>Maut \u20ac 0,10 <br \/>Karton\/Verpackung \u20ac 0,32 <br \/>Personalkosten 1\/24 h (Lohnnebenkosten, GBetc.) \u20ac 1,20 <br \/>Heizung, Strom, EDV, Versicherungen, Lohnnebenkosten, Klebeband, D\u00e4mmaterial, Toner, Abroller, Versandetikett \u20ac 0,17 <br \/>LUCID Verpackungsregister \u20ac 0,08 <br \/>Summe netto \u20ac 5,77 <br \/>Umsatzsteuer 19% \u20ac 0,92 <br \/>Selbstkosten Versand \u20ac 6,87<\/p><p>Sie sehen, es bedarf keines Umzugskartons. Selbst einfachste Versandvorg\u00e4nge sind bei unter 2,5 Minuten Verpackungszeit und einfachstem Versandmaterial nur knapp f\u00fcr den von uns pauschal veranschlagten Versandpreis zu bew\u00e4ltigen. <br \/>Wir sind uns bewusst, dass viele Kunden sich nicht vorstellen k\u00f6nnen, was alles an einem einfachen Versandablauf an Kosten h\u00e4ngt, deshalb bilden wir diesen Vorgang hier f\u00fcr sie so aufw\u00e4ndig ab.<\/p><p>Wir sind nicht Amazon oder Zalando, wir zahlen faire L\u00f6hne, versichern und versteuern in Deutschland. Und unsere Studenten im Lager sind gute, zuverl\u00e4ssige Mitarbeiter. Deshalb m\u00f6chten wir auch nicht weniger Stundenlohn zahlen.<\/p><p>Wir k\u00f6nnten auch den Versanddienstleister wechseln. DHL liefert aber Samstags und an Packstationen, hat das breiteste Filialnetz zur Paketabholung und bezahlt soweit uns bekannt ist ebenfalls faire L\u00f6hne.<\/p><p>Wir hoffen, sie haben nun durch unsere Erl\u00e4uterung ein bisschen Verst\u00e4ndnis daf\u00fcr bekommen wie unsere Versandpreise zustande kommen.<\/p><\/div>\n\t\t\t\t<\/div>\n\t\t\t\t\t\t\t\t<\/div>\n\t\t\t\t\t\t<\/div>\n\t\t\t\t<\/div>\n\t\t\t\t\t<\/div>\n\t\t<\/div>\n\t\t\t\t\t<\/div>\n\t\t<\/section>\n\t\t\t\t<section class=\"elementor-section elementor-top-section elementor-element elementor-element-b29b368 elementor-section-boxed elementor-section-height-default elementor-section-height-default\" data-id=\"b29b368\" data-element_type=\"section\" data-e-type=\"section\">\n\t\t\t\t\t\t<div class=\"elementor-container elementor-column-gap-default\">\n\t\t\t\t\t<div class=\"elementor-column elementor-col-50 elementor-top-column elementor-element elementor-element-fcfa25a\" data-id=\"fcfa25a\" data-element_type=\"column\" data-e-type=\"column\">\n\t\t\t<div class=\"elementor-widget-wrap elementor-element-populated\">\n\t\t\t\t\t\t<div class=\"elementor-element elementor-element-0059562 elementor-widget elementor-widget-heading\" data-id=\"0059562\" data-element_type=\"widget\" data-e-type=\"widget\" data-widget_type=\"heading.default\">\n\t\t\t\t<div class=\"elementor-widget-container\">\n\t\t\t\t\t<h2 class=\"elementor-heading-title elementor-size-default\">Fragen zum fertigen Bier<\/h2>\t\t\t\t<\/div>\n\t\t\t\t<\/div>\n\t\t\t\t<div class=\"elementor-element elementor-element-36d07db elementor-widget elementor-widget-toggle\" data-id=\"36d07db\" data-element_type=\"widget\" data-e-type=\"widget\" data-widget_type=\"toggle.default\">\n\t\t\t\t<div class=\"elementor-widget-container\">\n\t\t\t\t\t\t\t<div class=\"elementor-toggle\">\n\t\t\t\t\t\t\t<div class=\"elementor-toggle-item\">\n\t\t\t\t\t<div id=\"elementor-tab-title-5741\" class=\"elementor-tab-title\" data-tab=\"1\" role=\"button\" aria-controls=\"elementor-tab-content-5741\" aria-expanded=\"false\">\n\t\t\t\t\t\t\t\t\t\t\t\t<span class=\"elementor-toggle-icon elementor-toggle-icon-left\" aria-hidden=\"true\">\n\t\t\t\t\t\t\t\t\t\t\t\t\t\t\t<span class=\"elementor-toggle-icon-closed\"><i class=\"fas fa-caret-right\"><\/i><\/span>\n\t\t\t\t\t\t\t\t<span class=\"elementor-toggle-icon-opened\"><i class=\"elementor-toggle-icon-opened fas fa-caret-up\"><\/i><\/span>\n\t\t\t\t\t\t\t\t\t\t\t\t\t<\/span>\n\t\t\t\t\t\t\t\t\t\t\t\t<a class=\"elementor-toggle-title\" tabindex=\"0\">Warum hat mein Bier so wenig Kohlens\u00e4ure? <\/a>\n\t\t\t\t\t<\/div>\n\n\t\t\t\t\t<div id=\"elementor-tab-content-5741\" class=\"elementor-tab-content elementor-clearfix\" data-tab=\"1\" role=\"region\" aria-labelledby=\"elementor-tab-title-5741\"><p>Dies kann verschiedene Ursachen haben: Die Hauptg\u00e4rung war zu weit vorrangeschritten, dann m\u00fcsstest du beim n\u00e4chsten Brauvorgang mehrmals die Stammw\u00fcrze messen, um den Abf\u00fcllzeitpunkt nicht zu verpassen. Es waren noch Reinigungsreste in der Flasche beim Abf\u00fcllen. Kronkorken oder Gummidichtung haben nicht richtig geschlossen. Die Flaschen wurden zu h\u00e4ufig gel\u00fcftet. In allen F\u00e4llen k\u00f6nntest du dein jetziges Bier mit etwas Malzextrapulver auf karbonisieren. Maximal 7g pro Liter Bier.<\/p><\/div>\n\t\t\t\t<\/div>\n\t\t\t\t\t\t\t<div class=\"elementor-toggle-item\">\n\t\t\t\t\t<div id=\"elementor-tab-title-5742\" class=\"elementor-tab-title\" data-tab=\"2\" role=\"button\" aria-controls=\"elementor-tab-content-5742\" aria-expanded=\"false\">\n\t\t\t\t\t\t\t\t\t\t\t\t<span class=\"elementor-toggle-icon elementor-toggle-icon-left\" aria-hidden=\"true\">\n\t\t\t\t\t\t\t\t\t\t\t\t\t\t\t<span class=\"elementor-toggle-icon-closed\"><i class=\"fas fa-caret-right\"><\/i><\/span>\n\t\t\t\t\t\t\t\t<span class=\"elementor-toggle-icon-opened\"><i class=\"elementor-toggle-icon-opened fas fa-caret-up\"><\/i><\/span>\n\t\t\t\t\t\t\t\t\t\t\t\t\t<\/span>\n\t\t\t\t\t\t\t\t\t\t\t\t<a class=\"elementor-toggle-title\" tabindex=\"0\">Was tun, wenn mein Bier zu wenig oder instabilen Schaum hat? <\/a>\n\t\t\t\t\t<\/div>\n\n\t\t\t\t\t<div id=\"elementor-tab-content-5742\" class=\"elementor-tab-content elementor-clearfix\" data-tab=\"2\" role=\"region\" aria-labelledby=\"elementor-tab-title-5742\"><p>Stelle sicher, dass dein Glas vorher ausgesp\u00fclt wurde. Vielleicht sind noch Fettreste vorhanden, die den Schaum reduzieren. Beim n\u00e4chsten Brauvorgang kannst du auf folgende Punkte achten: Einmaischtemperatur erh\u00f6hen, k\u00fcrzere 1. Rast (Eiwei\u00dfrast) bei 55\u00b0C durchf\u00fchren oder sogar ganz \u00fcberspringen.<\/p><\/div>\n\t\t\t\t<\/div>\n\t\t\t\t\t\t\t<div class=\"elementor-toggle-item\">\n\t\t\t\t\t<div id=\"elementor-tab-title-5743\" class=\"elementor-tab-title\" data-tab=\"3\" role=\"button\" aria-controls=\"elementor-tab-content-5743\" aria-expanded=\"false\">\n\t\t\t\t\t\t\t\t\t\t\t\t<span class=\"elementor-toggle-icon elementor-toggle-icon-left\" aria-hidden=\"true\">\n\t\t\t\t\t\t\t\t\t\t\t\t\t\t\t<span class=\"elementor-toggle-icon-closed\"><i class=\"fas fa-caret-right\"><\/i><\/span>\n\t\t\t\t\t\t\t\t<span class=\"elementor-toggle-icon-opened\"><i class=\"elementor-toggle-icon-opened fas fa-caret-up\"><\/i><\/span>\n\t\t\t\t\t\t\t\t\t\t\t\t\t<\/span>\n\t\t\t\t\t\t\t\t\t\t\t\t<a class=\"elementor-toggle-title\" tabindex=\"0\">Mein Bier schmeckt nach Hefe oder muffig? <\/a>\n\t\t\t\t\t<\/div>\n\n\t\t\t\t\t<div id=\"elementor-tab-content-5743\" class=\"elementor-tab-content elementor-clearfix\" data-tab=\"3\" role=\"region\" aria-labelledby=\"elementor-tab-title-5743\"><p>Das Bier noch weiter aufrecht in der Flasche reifen lassen, damit alle Stoffe im Bier sich gut miteinander verbinden k\u00f6nnen. Ggf. ist auch zu viel Hefe beim Abf\u00fcllen, dem sogenannten Schlauchen mitgekommen. Das Bier k\u00f6nnte au\u00dferdem zu warm gelagert sein. Das Bier dann K\u00fchlschrank k\u00fchl stellen.<\/p><\/div>\n\t\t\t\t<\/div>\n\t\t\t\t\t\t\t<div class=\"elementor-toggle-item\">\n\t\t\t\t\t<div id=\"elementor-tab-title-5744\" class=\"elementor-tab-title\" data-tab=\"4\" role=\"button\" aria-controls=\"elementor-tab-content-5744\" aria-expanded=\"false\">\n\t\t\t\t\t\t\t\t\t\t\t\t<span class=\"elementor-toggle-icon elementor-toggle-icon-left\" aria-hidden=\"true\">\n\t\t\t\t\t\t\t\t\t\t\t\t\t\t\t<span class=\"elementor-toggle-icon-closed\"><i class=\"fas fa-caret-right\"><\/i><\/span>\n\t\t\t\t\t\t\t\t<span class=\"elementor-toggle-icon-opened\"><i class=\"elementor-toggle-icon-opened fas fa-caret-up\"><\/i><\/span>\n\t\t\t\t\t\t\t\t\t\t\t\t\t<\/span>\n\t\t\t\t\t\t\t\t\t\t\t\t<a class=\"elementor-toggle-title\" tabindex=\"0\">Mein Bier schmeckt ranzig und s\u00e4uerlich? <\/a>\n\t\t\t\t\t<\/div>\n\n\t\t\t\t\t<div id=\"elementor-tab-content-5744\" class=\"elementor-tab-content elementor-clearfix\" data-tab=\"4\" role=\"region\" aria-labelledby=\"elementor-tab-title-5744\"><p>H\u00f6chstwahrscheinlich hat dein Bier eine Infektion bekommen sei es durch mangelnde Hygiene, schleppender Startg\u00e4rung oder zu warmer Hauptg\u00e4rung. Ggf. k\u00f6nnte auch eine falsche Lagerung der Hefe der Grund sein. Sie mag es k\u00fchl. Bitte beachte, keine angebrochenen Hefepackungen zu verwenden.<\/p><p>Grunds\u00e4tzlich ist das Bier nicht schlecht! Es hat nur eine andere Geschmacksnote, als die du beabsichtigt hast. Fr\u00fcher waren die meisten Biere Sauerbiere. Du kannst es noch trinken oder aber den Pflanzen \u00fcberlassen.<\/p><\/div>\n\t\t\t\t<\/div>\n\t\t\t\t\t\t\t<div class=\"elementor-toggle-item\">\n\t\t\t\t\t<div id=\"elementor-tab-title-5745\" class=\"elementor-tab-title\" data-tab=\"5\" role=\"button\" aria-controls=\"elementor-tab-content-5745\" aria-expanded=\"false\">\n\t\t\t\t\t\t\t\t\t\t\t\t<span class=\"elementor-toggle-icon elementor-toggle-icon-left\" aria-hidden=\"true\">\n\t\t\t\t\t\t\t\t\t\t\t\t\t\t\t<span class=\"elementor-toggle-icon-closed\"><i class=\"fas fa-caret-right\"><\/i><\/span>\n\t\t\t\t\t\t\t\t<span class=\"elementor-toggle-icon-opened\"><i class=\"elementor-toggle-icon-opened fas fa-caret-up\"><\/i><\/span>\n\t\t\t\t\t\t\t\t\t\t\t\t\t<\/span>\n\t\t\t\t\t\t\t\t\t\t\t\t<a class=\"elementor-toggle-title\" tabindex=\"0\">Wie lange ist mein selbstgebrautes Bier haltbar? <\/a>\n\t\t\t\t\t<\/div>\n\n\t\t\t\t\t<div id=\"elementor-tab-content-5745\" class=\"elementor-tab-content elementor-clearfix\" data-tab=\"5\" role=\"region\" aria-labelledby=\"elementor-tab-title-5745\"><p>Hier m\u00fcssen wir viele Faktoren ber\u00fccksichtigen. Grunds\u00e4tzlich wird Bier nicht schlecht! Hopfige Biere verlieren mit der Zeit die Bittere und das Hopfenaroma tritt in den Hintergrund. Solche Biere m\u00f6gen nach der Reifung bzw. Nachg\u00e4rung innerhalb 3 Monaten getrunken werden. Malzigere Biere vor allem mit h\u00f6herem Alkoholgehalt k\u00f6nnen durchaus l\u00e4nger gelagert werden bis zu 2 Jahre. Manchmal gewinnen sie auch an Geschmack. Einfach mit ein paar Flaschen ausprobieren. Wichtig ist eine durchgehende k\u00fchle und dunkle Lagerung. Bier mag kein Licht und reift besser bei niedrigen Temperaturen.<\/p><\/div>\n\t\t\t\t<\/div>\n\t\t\t\t\t\t\t\t<\/div>\n\t\t\t\t\t\t<\/div>\n\t\t\t\t<\/div>\n\t\t\t\t\t<\/div>\n\t\t<\/div>\n\t\t\t\t<div class=\"elementor-column elementor-col-50 elementor-top-column elementor-element elementor-element-a7d017d\" data-id=\"a7d017d\" data-element_type=\"column\" data-e-type=\"column\">\n\t\t\t<div class=\"elementor-widget-wrap elementor-element-populated\">\n\t\t\t\t\t\t<div class=\"elementor-element elementor-element-88ed2bb elementor-widget elementor-widget-heading\" data-id=\"88ed2bb\" data-element_type=\"widget\" data-e-type=\"widget\" data-widget_type=\"heading.default\">\n\t\t\t\t<div class=\"elementor-widget-container\">\n\t\t\t\t\t<h2 class=\"elementor-heading-title elementor-size-default\">Fragen zum Bier brauen<\/h2>\t\t\t\t<\/div>\n\t\t\t\t<\/div>\n\t\t\t\t<div class=\"elementor-element elementor-element-d38b062 elementor-widget elementor-widget-toggle\" data-id=\"d38b062\" data-element_type=\"widget\" data-e-type=\"widget\" data-widget_type=\"toggle.default\">\n\t\t\t\t<div class=\"elementor-widget-container\">\n\t\t\t\t\t\t\t<div class=\"elementor-toggle\">\n\t\t\t\t\t\t\t<div class=\"elementor-toggle-item\">\n\t\t\t\t\t<div id=\"elementor-tab-title-2211\" class=\"elementor-tab-title\" data-tab=\"1\" role=\"button\" aria-controls=\"elementor-tab-content-2211\" aria-expanded=\"false\">\n\t\t\t\t\t\t\t\t\t\t\t\t<span class=\"elementor-toggle-icon elementor-toggle-icon-left\" aria-hidden=\"true\">\n\t\t\t\t\t\t\t\t\t\t\t\t\t\t\t<span class=\"elementor-toggle-icon-closed\"><i class=\"fas fa-caret-right\"><\/i><\/span>\n\t\t\t\t\t\t\t\t<span class=\"elementor-toggle-icon-opened\"><i class=\"elementor-toggle-icon-opened fas fa-caret-up\"><\/i><\/span>\n\t\t\t\t\t\t\t\t\t\t\t\t\t<\/span>\n\t\t\t\t\t\t\t\t\t\t\t\t<a class=\"elementor-toggle-title\" tabindex=\"0\">Die G\u00e4rung startet nicht, was soll ich tun? <\/a>\n\t\t\t\t\t<\/div>\n\n\t\t\t\t\t<div id=\"elementor-tab-content-2211\" class=\"elementor-tab-content elementor-clearfix\" data-tab=\"1\" role=\"region\" aria-labelledby=\"elementor-tab-title-2211\"><p>Du k\u00f6nntest die G\u00e4rung unterst\u00fctzen, indem der G\u00e4reimer an einen w\u00e4rmeren Ort gestellt wird. Au\u00dferdem \u00fcberpr\u00fcfe, ob das G\u00e4rr\u00f6hrchen und der Deckel dicht abschlie\u00dfen. Evlt. hat die G\u00e4rung schon gestartet, aber die Kohlens\u00e4ure entweicht an den Seiten. Wenn du vorsichtig den Deckel \u00f6ffnest und die Oberfl\u00e4che leicht br\u00e4unliche Flecken aufweist, hat die Hefe ihre Arbeit schon gestartet. Sp\u00e4ter wird es zu einem dicken wei\u00dfbr\u00e4unlichen Schaum und l\u00f6st sich dann wieder auf.<\/p><p>Eine weitere M\u00f6glichkeit besteht darin, dass die W\u00fcrze nicht gen\u00fcgend Sauerstoff enthalten hat, damit die Hefe anf\u00e4ngt zu arbeiten. Du kannst mit einem sterilen Schneebesen in kreisrunden Bewegungen Sauerstoff in die W\u00fcrze arbeiten und so der Hefe helfen.<\/p><p>Eine dritte M\u00f6glichkeit k\u00f6nnte sein, nochmals ein P\u00e4ckchen Hefe zu dehydriert und sie in den G\u00e4reimer zu geben.<\/p><\/div>\n\t\t\t\t<\/div>\n\t\t\t\t\t\t\t<div class=\"elementor-toggle-item\">\n\t\t\t\t\t<div id=\"elementor-tab-title-2212\" class=\"elementor-tab-title\" data-tab=\"2\" role=\"button\" aria-controls=\"elementor-tab-content-2212\" aria-expanded=\"false\">\n\t\t\t\t\t\t\t\t\t\t\t\t<span class=\"elementor-toggle-icon elementor-toggle-icon-left\" aria-hidden=\"true\">\n\t\t\t\t\t\t\t\t\t\t\t\t\t\t\t<span class=\"elementor-toggle-icon-closed\"><i class=\"fas fa-caret-right\"><\/i><\/span>\n\t\t\t\t\t\t\t\t<span class=\"elementor-toggle-icon-opened\"><i class=\"elementor-toggle-icon-opened fas fa-caret-up\"><\/i><\/span>\n\t\t\t\t\t\t\t\t\t\t\t\t\t<\/span>\n\t\t\t\t\t\t\t\t\t\t\t\t<a class=\"elementor-toggle-title\" tabindex=\"0\">Wie lange ist geschrotetes Malz haltbar? <\/a>\n\t\t\t\t\t<\/div>\n\n\t\t\t\t\t<div id=\"elementor-tab-content-2212\" class=\"elementor-tab-content elementor-clearfix\" data-tab=\"2\" role=\"region\" aria-labelledby=\"elementor-tab-title-2212\"><p>Wichtig ist eine k\u00fchle und trockene Lagerung. Dann h\u00e4lt dein geschrotetes Malz 4 bis 6 Wochen. Ungeschrotenes kann bis zu 2 Jahre gelagert werden.<\/p><\/div>\n\t\t\t\t<\/div>\n\t\t\t\t\t\t\t<div class=\"elementor-toggle-item\">\n\t\t\t\t\t<div id=\"elementor-tab-title-2213\" class=\"elementor-tab-title\" data-tab=\"3\" role=\"button\" aria-controls=\"elementor-tab-content-2213\" aria-expanded=\"false\">\n\t\t\t\t\t\t\t\t\t\t\t\t<span class=\"elementor-toggle-icon elementor-toggle-icon-left\" aria-hidden=\"true\">\n\t\t\t\t\t\t\t\t\t\t\t\t\t\t\t<span class=\"elementor-toggle-icon-closed\"><i class=\"fas fa-caret-right\"><\/i><\/span>\n\t\t\t\t\t\t\t\t<span class=\"elementor-toggle-icon-opened\"><i class=\"elementor-toggle-icon-opened fas fa-caret-up\"><\/i><\/span>\n\t\t\t\t\t\t\t\t\t\t\t\t\t<\/span>\n\t\t\t\t\t\t\t\t\t\t\t\t<a class=\"elementor-toggle-title\" tabindex=\"0\">Wie lange ist der Hopfen haltbar? <\/a>\n\t\t\t\t\t<\/div>\n\n\t\t\t\t\t<div id=\"elementor-tab-content-2213\" class=\"elementor-tab-content elementor-clearfix\" data-tab=\"3\" role=\"region\" aria-labelledby=\"elementor-tab-title-2213\"><p>Hopfen sollte immer im K\u00fchlschrank aufbewahrt werden. Sofern du nicht zum Brauen kommst, frierst du den Hopfen ein und verbrauchst ihn innerhalb eines Jahres. Falls der Hopfen beim \u00d6ffnen unangenehm riecht, solltest du ich nicht mehr nutzen.<\/p><\/div>\n\t\t\t\t<\/div>\n\t\t\t\t\t\t\t<div class=\"elementor-toggle-item\">\n\t\t\t\t\t<div id=\"elementor-tab-title-2214\" class=\"elementor-tab-title\" data-tab=\"4\" role=\"button\" aria-controls=\"elementor-tab-content-2214\" aria-expanded=\"false\">\n\t\t\t\t\t\t\t\t\t\t\t\t<span class=\"elementor-toggle-icon elementor-toggle-icon-left\" aria-hidden=\"true\">\n\t\t\t\t\t\t\t\t\t\t\t\t\t\t\t<span class=\"elementor-toggle-icon-closed\"><i class=\"fas fa-caret-right\"><\/i><\/span>\n\t\t\t\t\t\t\t\t<span class=\"elementor-toggle-icon-opened\"><i class=\"elementor-toggle-icon-opened fas fa-caret-up\"><\/i><\/span>\n\t\t\t\t\t\t\t\t\t\t\t\t\t<\/span>\n\t\t\t\t\t\t\t\t\t\t\t\t<a class=\"elementor-toggle-title\" tabindex=\"0\">Wie kann ich die S\u00fc\u00dfe im Bier erh\u00f6hen?<\/a>\n\t\t\t\t\t<\/div>\n\n\t\t\t\t\t<div id=\"elementor-tab-content-2214\" class=\"elementor-tab-content elementor-clearfix\" data-tab=\"4\" role=\"region\" aria-labelledby=\"elementor-tab-title-2214\"><p>Grunds\u00e4tzlich h\u00e4ngt die S\u00fc\u00dfe von dem verwendeten Malzsorten sowie von der Menge des Malzes ab. Das ist der Hauptstellhebel. Als n\u00e4chstes wie die Maischearbeit erfolgt z.B. eine k\u00fcrzere Maltoserast. Bei unseren Rezepten ist das meist die 2. Rast bei Temperaturen von 60\u00b0C &#8211; 65\u00b0C. Wenn hier gek\u00fcrzt wird, wird das Bier vollmundiger, aber auch vom Geschmack her malziger. Ein dritte M\u00f6glichkeit ist bei der Hauptg\u00e4rung. Wenn mit einem hohen Restextrakt (also fr\u00fchzeitiger als die Hefe normalerweise fertig mit der Arbeit ist) nach der Hauptg\u00e4rung abgef\u00fcllt wird, ist das Bier s\u00fc\u00dfer als wenn die Hefe nur noch wenig Restextrakt \u00fcbrig l\u00e4sst. Dann ist das Bier trockener. Und zu guter Letzt: Bittere maskiert S\u00fc\u00dfe. Wenn weniger Hopfen genutzt wird, empfinden wir das Bier als S\u00fc\u00dfer. Also vier Stellhebel, wobei der Erste zu empfehlen ist.<\/p><\/div>\n\t\t\t\t<\/div>\n\t\t\t\t\t\t\t\t<\/div>\n\t\t\t\t\t\t<\/div>\n\t\t\t\t<\/div>\n\t\t\t\t\t<\/div>\n\t\t<\/div>\n\t\t\t\t\t<\/div>\n\t\t<\/section>\n\t\t\t\t<section class=\"elementor-section elementor-top-section elementor-element elementor-element-41d98df elementor-section-boxed elementor-section-height-default elementor-section-height-default\" data-id=\"41d98df\" data-element_type=\"section\" data-e-type=\"section\">\n\t\t\t\t\t\t<div class=\"elementor-container elementor-column-gap-default\">\n\t\t\t\t\t<div class=\"elementor-column elementor-col-100 elementor-top-column elementor-element elementor-element-9d38efe\" data-id=\"9d38efe\" data-element_type=\"column\" data-e-type=\"column\">\n\t\t\t<div class=\"elementor-widget-wrap elementor-element-populated\">\n\t\t\t\t\t\t<div class=\"elementor-element elementor-element-e7d8fa1 elementor-widget elementor-widget-heading\" data-id=\"e7d8fa1\" data-element_type=\"widget\" data-e-type=\"widget\" data-widget_type=\"heading.default\">\n\t\t\t\t<div class=\"elementor-widget-container\">\n\t\t\t\t\t<h2 class=\"elementor-heading-title elementor-size-default\">Deine Frage war nicht dabei?<\/h2>\t\t\t\t<\/div>\n\t\t\t\t<\/div>\n\t\t\t\t<div class=\"elementor-element elementor-element-2586513 elementor-button-align-start elementor-widget elementor-widget-form\" data-id=\"2586513\" data-element_type=\"widget\" data-e-type=\"widget\" data-settings=\"{&quot;step_next_label&quot;:&quot;N\\u00e4chster&quot;,&quot;step_previous_label&quot;:&quot;Voriger&quot;,&quot;button_width&quot;:&quot;50&quot;,&quot;step_type&quot;:&quot;number_text&quot;,&quot;step_icon_shape&quot;:&quot;circle&quot;}\" data-widget_type=\"form.default\">\n\t\t\t\t<div class=\"elementor-widget-container\">\n\t\t\t\t\t\t\t<form class=\"elementor-form\" method=\"post\" name=\"Neues Formular\" aria-label=\"Neues Formular\">\n\t\t\t<input type=\"hidden\" name=\"post_id\" value=\"75\"\/>\n\t\t\t<input type=\"hidden\" name=\"form_id\" value=\"2586513\"\/>\n\t\t\t<input type=\"hidden\" name=\"referer_title\" value=\"FAQ - Gastro Brennecke Blog\" \/>\n\n\t\t\t\t\t\t\t<input type=\"hidden\" name=\"queried_id\" value=\"75\"\/>\n\t\t\t\n\t\t\t<div class=\"elementor-form-fields-wrapper elementor-labels-\">\n\t\t\t\t\t\t\t\t<div class=\"elementor-field-type-text elementor-field-group elementor-column elementor-field-group-name elementor-col-100 elementor-field-required\">\n\t\t\t\t\t\t\t\t\t\t\t\t<label for=\"form-field-name\" class=\"elementor-field-label elementor-screen-only\">\n\t\t\t\t\t\t\t\tName\t\t\t\t\t\t\t<\/label>\n\t\t\t\t\t\t\t\t\t\t\t\t\t\t<input size=\"1\" type=\"text\" name=\"form_fields[name]\" id=\"form-field-name\" class=\"elementor-field elementor-size-sm  elementor-field-textual\" placeholder=\"Dein Name\" required=\"required\">\n\t\t\t\t\t\t\t\t\t\t\t<\/div>\n\t\t\t\t\t\t\t\t<div class=\"elementor-field-type-email elementor-field-group elementor-column elementor-field-group-email elementor-col-100 elementor-field-required\">\n\t\t\t\t\t\t\t\t\t\t\t\t<label for=\"form-field-email\" class=\"elementor-field-label elementor-screen-only\">\n\t\t\t\t\t\t\t\tE-Mail\t\t\t\t\t\t\t<\/label>\n\t\t\t\t\t\t\t\t\t\t\t\t\t\t<input size=\"1\" type=\"email\" name=\"form_fields[email]\" id=\"form-field-email\" class=\"elementor-field elementor-size-sm  elementor-field-textual\" placeholder=\"Deine E-Mail Adresse\" required=\"required\">\n\t\t\t\t\t\t\t\t\t\t\t<\/div>\n\t\t\t\t\t\t\t\t<div class=\"elementor-field-type-textarea elementor-field-group elementor-column elementor-field-group-message elementor-col-100 elementor-field-required\">\n\t\t\t\t\t\t\t\t\t\t\t\t<label for=\"form-field-message\" class=\"elementor-field-label elementor-screen-only\">\n\t\t\t\t\t\t\t\tNachricht\t\t\t\t\t\t\t<\/label>\n\t\t\t\t\t\t<textarea class=\"elementor-field-textual elementor-field  elementor-size-sm\" name=\"form_fields[message]\" id=\"form-field-message\" rows=\"4\" placeholder=\"Deine Frage\" required=\"required\"><\/textarea>\t\t\t\t<\/div>\n\t\t\t\t\t\t\t\t<div class=\"elementor-field-type-acceptance elementor-field-group elementor-column elementor-field-group-dsgvo elementor-col-100 elementor-field-required\">\n\t\t\t\t\t\t\t\t\t\t\t\t<label for=\"form-field-dsgvo\" class=\"elementor-field-label elementor-screen-only\">\n\t\t\t\t\t\t\t\tdsgvo\t\t\t\t\t\t\t<\/label>\n\t\t\t\t\t\t\t\t<div class=\"elementor-field-subgroup\">\n\t\t\t<span class=\"elementor-field-option\">\n\t\t\t\t<input type=\"checkbox\" name=\"form_fields[dsgvo]\" id=\"form-field-dsgvo\" class=\"elementor-field elementor-size-sm  elementor-acceptance-field\" required=\"required\">\n\t\t\t\t<label for=\"form-field-dsgvo\"> Ich habe die Datenschutzerkl\u00e4rung gelesen und bin mit der \u00dcbertragung u. Speicherung meiner Angaben zu deren Bearbeitung einverstanden.<\/label>\t\t\t<\/span>\n\t\t<\/div>\n\t\t\t\t\t\t<\/div>\n\t\t\t\t\t\t\t\t<div class=\"elementor-field-type-recaptcha_v3 elementor-field-group elementor-column elementor-field-group-captcha elementor-col-100 recaptcha_v3-bottomright\">\n\t\t\t\t\t<div class=\"elementor-field\" id=\"form-field-captcha\"><div class=\"elementor-g-recaptcha\" data-sitekey=\"6LcUabgUAAAAAPy38xBHwgpvWw7f7z8MCJ-iOM3A\" data-type=\"v3\" data-action=\"Form\" data-badge=\"bottomright\" data-size=\"invisible\"><\/div><\/div>\t\t\t\t<\/div>\n\t\t\t\t\t\t\t\t<div class=\"elementor-field-group elementor-column elementor-field-type-submit elementor-col-50 e-form__buttons\">\n\t\t\t\t\t<button class=\"elementor-button elementor-size-md\" type=\"submit\">\n\t\t\t\t\t\t<span class=\"elementor-button-content-wrapper\">\n\t\t\t\t\t\t\t\t\t\t\t\t\t\t\t\t\t\t\t\t\t\t<span class=\"elementor-button-text\">Frage senden<\/span>\n\t\t\t\t\t\t\t\t\t\t\t\t\t<\/span>\n\t\t\t\t\t<\/button>\n\t\t\t\t<\/div>\n\t\t\t<\/div>\n\t\t<\/form>\n\t\t\t\t\t\t<\/div>\n\t\t\t\t<\/div>\n\t\t\t\t\t<\/div>\n\t\t<\/div>\n\t\t\t\t\t<\/div>\n\t\t<\/section>\n\t\t\t\t<\/div>\n\t\t","protected":false},"excerpt":{"rendered":"<p>FAQ &#8211; H\u00e4ufig gestellte Fragen Lieber Besucher, wir haben dir hier einige der am h\u00e4ufig gestellten Fragen und Antworten aufgelistet. Sollte deine Frage nicht dabei sein, findest du am Ende ein Eingabe Formular wo du uns deine spezifische Frage stellen kannst. Allgemeine Fragen Der Artikel passt nicht, gibt es ein Retourenlabel? In dem Fall tr\u00e4gt [&hellip;]<\/p>\n","protected":false},"author":1,"featured_media":0,"parent":0,"menu_order":0,"comment_status":"closed","ping_status":"closed","template":"","meta":{"footnotes":""},"class_list":["post-75","page","type-page","status-publish","hentry"],"yoast_head":"<!-- This site is optimized with the Yoast SEO plugin v27.4 - https:\/\/yoast.com\/product\/yoast-seo-wordpress\/ -->\n<title>FAQ - Gastro Brennecke Blog<\/title>\n<meta name=\"robots\" content=\"index, follow, max-snippet:-1, max-image-preview:large, max-video-preview:-1\" \/>\n<link rel=\"canonical\" href=\"https:\/\/gastro-brennecke.de\/blog\/faq\/\" \/>\n<meta property=\"og:locale\" content=\"de_DE\" \/>\n<meta property=\"og:type\" content=\"article\" \/>\n<meta property=\"og:title\" content=\"FAQ - Gastro Brennecke Blog\" \/>\n<meta property=\"og:description\" content=\"FAQ &#8211; H\u00e4ufig gestellte Fragen Lieber Besucher, wir haben dir hier einige der am h\u00e4ufig gestellten Fragen und Antworten aufgelistet. Sollte deine Frage nicht dabei sein, findest du am Ende ein Eingabe Formular wo du uns deine spezifische Frage stellen kannst. Allgemeine Fragen Der Artikel passt nicht, gibt es ein Retourenlabel? In dem Fall tr\u00e4gt [&hellip;]\" \/>\n<meta property=\"og:url\" content=\"https:\/\/gastro-brennecke.de\/blog\/faq\/\" \/>\n<meta property=\"og:site_name\" content=\"Gastro Brennecke Blog\" \/>\n<meta property=\"article:publisher\" content=\"https:\/\/www.facebook.com\/gastrobrennecke\" \/>\n<meta property=\"article:modified_time\" content=\"2021-08-06T10:26:19+00:00\" \/>\n<meta name=\"twitter:card\" content=\"summary_large_image\" \/>\n<meta name=\"twitter:site\" content=\"@GastroBrennecke\" \/>\n<meta name=\"twitter:label1\" content=\"Gesch\u00e4tzte Lesezeit\" \/>\n\t<meta name=\"twitter:data1\" content=\"6\u00a0Minuten\" \/>\n<script type=\"application\/ld+json\" class=\"yoast-schema-graph\">{\"@context\":\"https:\\\/\\\/schema.org\",\"@graph\":[{\"@type\":\"WebPage\",\"@id\":\"https:\\\/\\\/gastro-brennecke.de\\\/blog\\\/faq\\\/\",\"url\":\"https:\\\/\\\/gastro-brennecke.de\\\/blog\\\/faq\\\/\",\"name\":\"FAQ - Gastro Brennecke Blog\",\"isPartOf\":{\"@id\":\"https:\\\/\\\/gastro-brennecke.de\\\/blog\\\/#website\"},\"datePublished\":\"2020-11-11T10:37:08+00:00\",\"dateModified\":\"2021-08-06T10:26:19+00:00\",\"breadcrumb\":{\"@id\":\"https:\\\/\\\/gastro-brennecke.de\\\/blog\\\/faq\\\/#breadcrumb\"},\"inLanguage\":\"de\",\"potentialAction\":[{\"@type\":\"ReadAction\",\"target\":[\"https:\\\/\\\/gastro-brennecke.de\\\/blog\\\/faq\\\/\"]}]},{\"@type\":\"BreadcrumbList\",\"@id\":\"https:\\\/\\\/gastro-brennecke.de\\\/blog\\\/faq\\\/#breadcrumb\",\"itemListElement\":[{\"@type\":\"ListItem\",\"position\":1,\"name\":\"Startseite\",\"item\":\"https:\\\/\\\/gastro-brennecke.de\\\/blog\\\/\"},{\"@type\":\"ListItem\",\"position\":2,\"name\":\"FAQ\"}]},{\"@type\":\"WebSite\",\"@id\":\"https:\\\/\\\/gastro-brennecke.de\\\/blog\\\/#website\",\"url\":\"https:\\\/\\\/gastro-brennecke.de\\\/blog\\\/\",\"name\":\"Gastro Brennecke Blog\",\"description\":\"Bier selber brauen | Schank &amp; Zapfanlagen - Gastro Brennecke\",\"publisher\":{\"@id\":\"https:\\\/\\\/gastro-brennecke.de\\\/blog\\\/#organization\"},\"potentialAction\":[{\"@type\":\"SearchAction\",\"target\":{\"@type\":\"EntryPoint\",\"urlTemplate\":\"https:\\\/\\\/gastro-brennecke.de\\\/blog\\\/?s={search_term_string}\"},\"query-input\":{\"@type\":\"PropertyValueSpecification\",\"valueRequired\":true,\"valueName\":\"search_term_string\"}}],\"inLanguage\":\"de\"},{\"@type\":\"Organization\",\"@id\":\"https:\\\/\\\/gastro-brennecke.de\\\/blog\\\/#organization\",\"name\":\"Gastro Brennecke Blog\",\"url\":\"https:\\\/\\\/gastro-brennecke.de\\\/blog\\\/\",\"logo\":{\"@type\":\"ImageObject\",\"inLanguage\":\"de\",\"@id\":\"https:\\\/\\\/gastro-brennecke.de\\\/blog\\\/#\\\/schema\\\/logo\\\/image\\\/\",\"url\":\"https:\\\/\\\/gastro-brennecke.de\\\/blog\\\/wp-content\\\/uploads\\\/2020\\\/11\\\/2020-brennecke-logo.png?wsr\",\"contentUrl\":\"https:\\\/\\\/gastro-brennecke.de\\\/blog\\\/wp-content\\\/uploads\\\/2020\\\/11\\\/2020-brennecke-logo.png?wsr\",\"width\":462,\"height\":136,\"caption\":\"Gastro Brennecke Blog\"},\"image\":{\"@id\":\"https:\\\/\\\/gastro-brennecke.de\\\/blog\\\/#\\\/schema\\\/logo\\\/image\\\/\"},\"sameAs\":[\"https:\\\/\\\/www.facebook.com\\\/gastrobrennecke\",\"https:\\\/\\\/x.com\\\/GastroBrennecke\",\"https:\\\/\\\/www.linkedin.com\\\/in\\\/nico-brennecke-770a64217\\\/\",\"https:\\\/\\\/www.pinterest.de\\\/bierbrauen\",\"https:\\\/\\\/www.youtube.com\\\/user\\\/gastrokomplett\"]}]}<\/script>\n<!-- \/ Yoast SEO plugin. -->","yoast_head_json":{"title":"FAQ - Gastro Brennecke Blog","robots":{"index":"index","follow":"follow","max-snippet":"max-snippet:-1","max-image-preview":"max-image-preview:large","max-video-preview":"max-video-preview:-1"},"canonical":"https:\/\/gastro-brennecke.de\/blog\/faq\/","og_locale":"de_DE","og_type":"article","og_title":"FAQ - Gastro Brennecke Blog","og_description":"FAQ &#8211; H\u00e4ufig gestellte Fragen Lieber Besucher, wir haben dir hier einige der am h\u00e4ufig gestellten Fragen und Antworten aufgelistet. Sollte deine Frage nicht dabei sein, findest du am Ende ein Eingabe Formular wo du uns deine spezifische Frage stellen kannst. Allgemeine Fragen Der Artikel passt nicht, gibt es ein Retourenlabel? In dem Fall tr\u00e4gt [&hellip;]","og_url":"https:\/\/gastro-brennecke.de\/blog\/faq\/","og_site_name":"Gastro Brennecke Blog","article_publisher":"https:\/\/www.facebook.com\/gastrobrennecke","article_modified_time":"2021-08-06T10:26:19+00:00","twitter_card":"summary_large_image","twitter_site":"@GastroBrennecke","twitter_misc":{"Gesch\u00e4tzte Lesezeit":"6\u00a0Minuten"},"schema":{"@context":"https:\/\/schema.org","@graph":[{"@type":"WebPage","@id":"https:\/\/gastro-brennecke.de\/blog\/faq\/","url":"https:\/\/gastro-brennecke.de\/blog\/faq\/","name":"FAQ - Gastro Brennecke Blog","isPartOf":{"@id":"https:\/\/gastro-brennecke.de\/blog\/#website"},"datePublished":"2020-11-11T10:37:08+00:00","dateModified":"2021-08-06T10:26:19+00:00","breadcrumb":{"@id":"https:\/\/gastro-brennecke.de\/blog\/faq\/#breadcrumb"},"inLanguage":"de","potentialAction":[{"@type":"ReadAction","target":["https:\/\/gastro-brennecke.de\/blog\/faq\/"]}]},{"@type":"BreadcrumbList","@id":"https:\/\/gastro-brennecke.de\/blog\/faq\/#breadcrumb","itemListElement":[{"@type":"ListItem","position":1,"name":"Startseite","item":"https:\/\/gastro-brennecke.de\/blog\/"},{"@type":"ListItem","position":2,"name":"FAQ"}]},{"@type":"WebSite","@id":"https:\/\/gastro-brennecke.de\/blog\/#website","url":"https:\/\/gastro-brennecke.de\/blog\/","name":"Gastro Brennecke Blog","description":"Bier selber brauen | Schank &amp; Zapfanlagen - Gastro Brennecke","publisher":{"@id":"https:\/\/gastro-brennecke.de\/blog\/#organization"},"potentialAction":[{"@type":"SearchAction","target":{"@type":"EntryPoint","urlTemplate":"https:\/\/gastro-brennecke.de\/blog\/?s={search_term_string}"},"query-input":{"@type":"PropertyValueSpecification","valueRequired":true,"valueName":"search_term_string"}}],"inLanguage":"de"},{"@type":"Organization","@id":"https:\/\/gastro-brennecke.de\/blog\/#organization","name":"Gastro Brennecke Blog","url":"https:\/\/gastro-brennecke.de\/blog\/","logo":{"@type":"ImageObject","inLanguage":"de","@id":"https:\/\/gastro-brennecke.de\/blog\/#\/schema\/logo\/image\/","url":"https:\/\/gastro-brennecke.de\/blog\/wp-content\/uploads\/2020\/11\/2020-brennecke-logo.png?wsr","contentUrl":"https:\/\/gastro-brennecke.de\/blog\/wp-content\/uploads\/2020\/11\/2020-brennecke-logo.png?wsr","width":462,"height":136,"caption":"Gastro Brennecke Blog"},"image":{"@id":"https:\/\/gastro-brennecke.de\/blog\/#\/schema\/logo\/image\/"},"sameAs":["https:\/\/www.facebook.com\/gastrobrennecke","https:\/\/x.com\/GastroBrennecke","https:\/\/www.linkedin.com\/in\/nico-brennecke-770a64217\/","https:\/\/www.pinterest.de\/bierbrauen","https:\/\/www.youtube.com\/user\/gastrokomplett"]}]}},"_links":{"self":[{"href":"https:\/\/gastro-brennecke.de\/blog\/wp-json\/wp\/v2\/pages\/75","targetHints":{"allow":["GET"]}}],"collection":[{"href":"https:\/\/gastro-brennecke.de\/blog\/wp-json\/wp\/v2\/pages"}],"about":[{"href":"https:\/\/gastro-brennecke.de\/blog\/wp-json\/wp\/v2\/types\/page"}],"author":[{"embeddable":true,"href":"https:\/\/gastro-brennecke.de\/blog\/wp-json\/wp\/v2\/users\/1"}],"replies":[{"embeddable":true,"href":"https:\/\/gastro-brennecke.de\/blog\/wp-json\/wp\/v2\/comments?post=75"}],"version-history":[{"count":58,"href":"https:\/\/gastro-brennecke.de\/blog\/wp-json\/wp\/v2\/pages\/75\/revisions"}],"predecessor-version":[{"id":1554,"href":"https:\/\/gastro-brennecke.de\/blog\/wp-json\/wp\/v2\/pages\/75\/revisions\/1554"}],"wp:attachment":[{"href":"https:\/\/gastro-brennecke.de\/blog\/wp-json\/wp\/v2\/media?parent=75"}],"curies":[{"name":"wp","href":"https:\/\/api.w.org\/{rel}","templated":true}]}}